{"id":112,"date":"2024-02-08T23:21:22","date_gmt":"2024-02-08T23:21:22","guid":{"rendered":"http:\/\/www.jesusamarrado.com\/?page_id=112"},"modified":"2024-02-09T16:23:21","modified_gmt":"2024-02-09T16:23:21","slug":"historia","status":"publish","type":"page","link":"http:\/\/www.jesusamarrado.com\/?page_id=112","title":{"rendered":"Historia"},"content":{"rendered":"\n<p>La Ilustre y Venerable Hermandad de Nuestro Padre Jes\u00fas Amarrado a la Columna se funda en el a\u00f1o 1852 en la Parroquia de Santo Domingo de Silos, que exist\u00eda en nuestra ciudad, incorpor\u00e1ndose a la Archicofrad\u00eda de Paz y Caridad un a\u00f1o despu\u00e9s, el 25 de febrero de 1.853. Desde su fundaci\u00f3n, ha desfilado en la tarde de Jueves Santo.<br>Debi\u00f3 efectuarse su traslado a la actual ubicaci\u00f3n de la iglesia de la Virgen de la Luz entre los a\u00f1os 1.865 y 1.906.<br><br>La Hermandad entra en un periodo de crisis ante la escasez de hermanos, sin llegar, eso si, a desaparecer por completo. No obstante, todo cambia en el a\u00f1o 1915, pudiendo hablar de una \u00abrefundaci\u00f3n\u00bb de la Hermandad, cuando el Excmo. Sr. D. Pedro Jos\u00e9 Cobo Jim\u00e9nez dona una nueva talla a la Hermandad. As\u00ed mismo, se aprueban nuevos estatutos el d\u00eda 1 de Abril de 1917, con 39 hermanos fundadores, cambiando el nombre de la Hermandad de Jes\u00fas Atado a la Columna, al de Hermandad de Socorro de Jes\u00fas Amarrado a la Columna, siendo as\u00ed recogido en el articulo 1\u00ba de dicho reglamento.<br><br>En este mismo documentos, que se aprueba siendo Hermano Mayor D. Fortunato Carbonero y Secretario D. Luis Plaza, se hac\u00eda constar que la Hermandad ten\u00eda por objeto socorrer a los Hermanos que cayeren enfermos, con las condiciones establecidas en el Reglamento no permitiendo el ingreso en la misma a los individuos que tengan m\u00e1s de cuarenta a\u00f1os y est\u00e9n enfermizos.<\/p>\n\n\n\n<p>Otros art\u00edculos de aquellos Estatutos determinaban que todo hermano, si cayere enfermo con calentura, tendr\u00e1 derecho a ser socorrido por la Hermandad, con una peseta diaria en met\u00e1lico los primeros cuarenta d\u00edas; de continuar la enfermedad, y despu\u00e9s de transcurridos otros cuarenta, o sea la tercera cuarentena, percibir\u00e1 cincuenta c\u00e9ntimos diarios durante cuarenta d\u00edas.<br><br>Tambi\u00e9n era llamativo el art\u00edculo destinado a la admisi\u00f3n de hermanas, que determinaba que \u00e9stas podr\u00edan solicitar el ingreso, pero no tendr\u00edan derecho a socorro cuando se hallen enfermas a consecuencia de embarazo o alumbramiento, hasta transcurridos cuarenta d\u00edas desde este \u00faltimo.<br><br>Otras curiosidades de estos Estatutos es que no ser\u00edan socorridas las enfermedades sobrevenidas de mujeres, de armas de fuego, blanca, o palo, a no ser que haya sido causal o en su justa defensa o que, en caso de fallecimiento de cualquier hermano, tendr\u00edan derecho al percibo de 20 pesetas en met\u00e1lico, sus c\u00f3nyuges, hijos o herederos, para ayuda de gastos del entierro, con asistencia de toda la Hermandad y las luces correspondientes.<br><br>Ya en el a\u00f1o 1.930 fueron nuevamente reformadas las Constituciones, desapareciendo la obligaci\u00f3n de asistencia a entierros as\u00ed como las cuotas de ingreso.<br><br>En 1936, en plena Guerra Civil, se destruye la talla de Jos\u00e9 Cobo, conserv\u00e1ndose \u00fanicamente la corona que una hermana salv\u00f3 de la hoguera donde se quemaba la imagen. Esta corona es con la que actualmente desfila nuestra Imagen.<\/p>\n\n\n\n<figure class=\"wp-block-gallery has-nested-images columns-default is-cropped wp-block-gallery-1 is-layout-flex wp-block-gallery-is-layout-flex\">\n<figure class=\"wp-block-image size-large\"><img loading=\"lazy\" decoding=\"async\" width=\"575\" height=\"800\" data-id=\"107\" src=\"http:\/\/www.jesusamarrado.com\/wp-content\/uploads\/2024\/02\/amarrado_josecobo1.jpg\" alt=\"\" class=\"wp-image-107\" srcset=\"http:\/\/www.jesusamarrado.com\/wp-content\/uploads\/2024\/02\/amarrado_josecobo1.jpg 575w, http:\/\/www.jesusamarrado.com\/wp-content\/uploads\/2024\/02\/amarrado_josecobo1-216x300.jpg 216w\" sizes=\"auto, (max-width: 575px) 100vw, 575px\" \/><\/figure>\n\n\n\n<figure class=\"wp-block-image size-large\"><img loading=\"lazy\" decoding=\"async\" width=\"236\" height=\"320\" data-id=\"108\" src=\"http:\/\/www.jesusamarrado.com\/wp-content\/uploads\/2024\/02\/imagen2.jpg\" alt=\"\" class=\"wp-image-108\" srcset=\"http:\/\/www.jesusamarrado.com\/wp-content\/uploads\/2024\/02\/imagen2.jpg 236w, http:\/\/www.jesusamarrado.com\/wp-content\/uploads\/2024\/02\/imagen2-221x300.jpg 221w\" sizes=\"auto, (max-width: 236px) 100vw, 236px\" \/><\/figure>\n\n\n\n<figure class=\"wp-block-image size-large\"><img loading=\"lazy\" decoding=\"async\" width=\"572\" height=\"800\" data-id=\"109\" src=\"http:\/\/www.jesusamarrado.com\/wp-content\/uploads\/2024\/02\/amarradoantigua9_1943.jpg\" alt=\"\" class=\"wp-image-109\" srcset=\"http:\/\/www.jesusamarrado.com\/wp-content\/uploads\/2024\/02\/amarradoantigua9_1943.jpg 572w, http:\/\/www.jesusamarrado.com\/wp-content\/uploads\/2024\/02\/amarradoantigua9_1943-215x300.jpg 215w\" sizes=\"auto, (max-width: 572px) 100vw, 572px\" \/><\/figure>\n<\/figure>\n\n\n\n<p>1940.- RENACE LA HERMANDAD<br><br>Llegamos as\u00ed al a\u00f1o 1940. Una vez finalizada la contienda, la Hermandad se vuelve a poner en marcha siendo la primera Hermandad en contar con una talla de Luis Marco P\u00e9rez en la renacida Semana Santa. De hecho, es el 21 de Marzo de ese a\u00f1o, Jueves Santo, cuando nuestra Hermandad desfila ya con la talla actual en unas andas prestadas por el Ayuntamiento y que fueron utilizadas hasta 1943, a\u00f1o en que se sustituyen por otras realizadas por los hermanos Vera, por 1.500 pesetas. Como dato anecd\u00f3tico hay que se\u00f1alar que la talla actual del \u00abAmarrao\u00bb es la \u00fanica que sigue desfilando en nuestra Semana Santa de todas las que lo hicieron en aquella primera Semana Santa de 1940. El resto, o fueron sustituidas, o fueron cedidas desde alguna localidad cercana para desfilar.<br><br>La talla, sin embargo, sufri\u00f3 una restauraci\u00f3n, puesto que el propio Marco P\u00e9rez cambi\u00f3 la cabeza por otra nueva. No est\u00e1 muy clara la raz\u00f3n de ese cambio, pues no est\u00e1 documentado en las actas de la Hermandad, aunque todo apunta a que a los hermanos no les terminaba de gustar. Esto debi\u00f3 ocurrir en la d\u00e9cada de los 40, aunque no est\u00e1 registrado el a\u00f1o concreto del cambio.<br><br>En el a\u00f1o 1956 se aprueba una modificaci\u00f3n en el paso procesional, para a\u00f1adirle la imagen de un Say\u00f3n, que es propuesto a Marco P\u00e9rez y que \u00e9ste entrega en la Semana Santa de 1957. El precio fue de 12.000 pesetas. Ante esta ampliaci\u00f3n tambi\u00e9n hay que hacer unas andas nuevas, que se adjudicaron al proyecto presentado por Apolonio P\u00e9rez y que costaron, igualmente, 12.000 pesetas. En 1960 se incorporan a las andas los 6 faroles que actualmente lleva, por un valor de 16.500 pesetas.<\/p>\n\n\n\n<p>Por cierto que en ese a\u00f1o 1957, la Hermandad, que desde 1940 ven\u00eda denomin\u00e1ndose Hermandad de Nuestro Padre Jes\u00fas Amarrado a la Columna cambi\u00f3 su nombre por el de Vble. Hermandad de la Flagelaci\u00f3n de Ntro. Padre Jes\u00fas Amarrado a la Columna.<br><br>Pocas novedades en la Hermandad en los siguientes a\u00f1os hasta que en 1978 el compositor Juli\u00e1n Aguirre Belmar dedicaba a la Hermandad la marcha procesional \u00abAmarrado a la Columna\u00bb que, con el tiempo, se ha convertido en una de las mas queridas de nuestra Semana Santa. Por este motivo, fue nombrado Hermano de Honor al a\u00f1o siguiente.<br><br>Precisamente al finalizar la Semana Santa de ese a\u00f1o, la talla del Amarrado es trasladada al taller de los Hermanos P\u00e9rez del Moral para ser restaurada. (3 a\u00f1os antes ya se le iba a proponer tal restauraci\u00f3n al propio Marco P\u00e9rez, pero qued\u00f3 en nada, sin duda, por la avanzada edad y el maltrecho estado de salud que presentaba ya el escultor).<br><br>Al a\u00f1o siguiente, 1979 la Hermandad estrena gui\u00f3n y se sube la cuota anual de 60 a 100 pesetas.<br><br>En el a\u00f1o 1982 se doran las andas por parte de Agust\u00edn Carretero y se nombra hermano de Honor a Amancio Contreras por incluir la imagen del Amarrao en el cartel oficial de la Semana Santa de ese a\u00f1o (algo que, por cierto, no se ha vuelto a repetir desde entonces). Tambi\u00e9n este mismo a\u00f1o se restauran todos los faroles de la Hermandad, por la necesidad que presentaban.<\/p>\n\n\n\n<figure class=\"wp-block-gallery has-nested-images columns-default is-cropped wp-block-gallery-2 is-layout-flex wp-block-gallery-is-layout-flex\">\n<figure class=\"wp-block-image size-large\"><img loading=\"lazy\" decoding=\"async\" width=\"160\" height=\"279\" data-id=\"110\" src=\"http:\/\/www.jesusamarrado.com\/wp-content\/uploads\/2024\/02\/aguirrebelmar.jpg\" alt=\"\" class=\"wp-image-110\"\/><\/figure>\n\n\n\n<figure class=\"wp-block-image size-large\"><img loading=\"lazy\" decoding=\"async\" width=\"683\" height=\"1024\" data-id=\"113\" src=\"http:\/\/www.jesusamarrado.com\/wp-content\/uploads\/2024\/02\/IMG_2632_felix-683x1024.jpg\" alt=\"\" class=\"wp-image-113\" srcset=\"http:\/\/www.jesusamarrado.com\/wp-content\/uploads\/2024\/02\/IMG_2632_felix-683x1024.jpg 683w, http:\/\/www.jesusamarrado.com\/wp-content\/uploads\/2024\/02\/IMG_2632_felix-200x300.jpg 200w, http:\/\/www.jesusamarrado.com\/wp-content\/uploads\/2024\/02\/IMG_2632_felix-768x1152.jpg 768w, http:\/\/www.jesusamarrado.com\/wp-content\/uploads\/2024\/02\/IMG_2632_felix-1024x1536.jpg 1024w, http:\/\/www.jesusamarrado.com\/wp-content\/uploads\/2024\/02\/IMG_2632_felix-1365x2048.jpg 1365w, http:\/\/www.jesusamarrado.com\/wp-content\/uploads\/2024\/02\/IMG_2632_felix-scaled.jpg 1707w\" sizes=\"auto, (max-width: 683px) 100vw, 683px\" \/><\/figure>\n<\/figure>\n\n\n\n<p>En 1986 cambia de nuevo el nombre de la Hermandad, pasando a denominarse, de nuevo, Venerable Hermandad de Nuestro Padre Jes\u00fas Amarrado a la Columna, y desapareciendo el t\u00e9rmino \u00abFlagelaci\u00f3n\u00bb que ven\u00eda apareciendo desde 1957.<br><br>En 1988 se informa de la realizaci\u00f3n de unas mesas con ruedas para dejar las andas y de unas gualdrapas para adornarlas en procesi\u00f3n, aunque, por motivos de tiempo, se estrenar\u00e1n al a\u00f1o siguiente. Se vuelve a hacer hincapi\u00e9 en la necesidad de hacer reformas en los faroles.<br><br>En 1993 se adquieren 2 estandartes para desfilar en la cabecera de la Hermandad, y se hacen unos arreglos en los faroles de dicha cabecera. Ambos estandartes permanecen en la actualidad. Adem\u00e1s, en Diciembre de ese mismo a\u00f1o, y en Junta General Extraordinaria, los hermanos aprueban el presupuesto presentado por Jos\u00e9 Antonio Mart\u00ednez, de Horche (Guadalajara) para la realizaci\u00f3n de un nuevo altar en el que situar la talla titular en la Parroquia de Ntra. Sra. de la Luz. Para financiar el proyecto se aprueba pasar una cuota extraordinaria a los hermanos, de 500 pesetas. Esta nueva hornacina es bendecida el 26 de Marzo de 1995 tras una Solemne Funci\u00f3n Religiosa oficiada por D. Amadeo, p\u00e1rroco de San Ant\u00f3n. En la misma, &nbsp;se estren\u00f3 el Motete \u00abDominum Flagellavit\u00bb compuesto para la ocasi\u00f3n por el hermano y director del Coro de C\u00e1mara \u00abAlonso Lobo\u00bb, Luis Carlos Ortiz Izquierdo.<br><br>En el a\u00f1o 1997 se realiza un hermanamiento con la Cofrad\u00eda de la Flagelaci\u00f3n y Gloria de Elche (Alicante). Esto es debido a que en esa localidad desfila una talla de Jes\u00fas Amarrado que presenta numerosas similitudes con la conquense, y que fue realizada, igualmente, por Luis Marco P\u00e9rez.<br><br>1998 es un a\u00f1o muy importante para la Hermandad pues en \u00e9l nacen dos actividades que se mantienen hasta la actualidad. Por un lado el V\u00eda Crucis que cada Primer Viernes de Cuaresma, desde entonces, lleva al Amarrado por el Barrio de San Ant\u00f3n. Por otro lado, tambi\u00e9n se inicia una Campa\u00f1a Navide\u00f1a con el objetivo de recoger alimentos para los m\u00e1s necesitados del barrio de San Ant\u00f3n. Ambas actividades se enmarcan dentro de la vertiente solidaria y de socorro que, desde sus inicios, siempre caracteriz\u00f3 a la Hermandad.<\/p>\n\n\n\n<p>En el a\u00f1o 2000 se estrena nuevo Gui\u00f3n, donado por un hermano an\u00f3nimo. Ese mismo a\u00f1o, la talla ser\u00e1 trasladada a Madrid para ser restaurada por el afamado restaurador Raimundo Cruz Sol\u00eds, desfilando totalmente terminada en la Semana Santa de 2001.<\/p>\n\n\n\n<p>En Septiembre de ese mismo a\u00f1o 2001, se presenta y se pone en marcha la p\u00e1gina web de la Hermandad www.jesusamarrado.com, siendo la primera Hermandad en contar con p\u00e1gina web oficial y convirti\u00e9ndose, desde sus inicios, en referente, ya no solo de nuestra Hermandad sino tambi\u00e9n de nuestra Semana Santa, a nivel nacional. Su creador fue el hermano Carlos Millas.<\/p>\n\n\n\n<p>En 2002 se aprueban nuevos Estatutos de la Hermandad y se realizan una serie de actos para conmemorar el 150\u00ba Aniversario de la Fundaci\u00f3n de la Hermandad. Entre otros asuntos, se descubre una placa conmemorativa en la fachada de la antigua iglesia de Santo Domingo, se realiz\u00f3 una exposici\u00f3n, una comida de Hermandad con una serie de homenajes, y una Misa Extraordinaria con Besapi\u00e9 de la imagen de Jes\u00fas Amarrado. Precisamente en esa misa se estren\u00f3 la obra \u00abDominum Flagellavit\u00bb, de Luis Carlos Ortiz. Toda una misa completa dedicada a la Hermandad, siendo la primera en contar con una composici\u00f3n similar. hermanamiento<\/p>\n\n\n\n<p>En el a\u00f1o 2003 se restaura la imagen del Say\u00f3n, a cargo de Elena Suay y Marta M\u00aa D\u00edaz. Tambi\u00e9n se restauran las andas, a cargo de Mar Brox, finalizando dicha restauraci\u00f3n antes de la Semana Santa del a\u00f1o siguiente.<\/p>\n\n\n\n<p>En el a\u00f1o 2005 se aprueba el cambio de sentido de la Procesi\u00f3n de Paz y Caridad, votando nuestra Hermandad a favor de dicho cambio que tendr\u00e1 efectos ya en la Semana Santa de 2006. Ese mismo a\u00f1o se adquiere una sede en la Calle del Pes\u00f3, en r\u00e9gimen de alquiler que se estrena en febrero de 2007.<\/p>\n\n\n\n<p>En 2007 se inicia una colaboraci\u00f3n con la Asociaci\u00f3n Cit\u00e9 Soleil, apadrinando una ni\u00f1a en Haiti. Esa colaboraci\u00f3n se mantiene hasta la fecha. Tambi\u00e9n en este a\u00f1o se bendice un nuevo gui\u00f3n para la Hermandad, con el que actualmente desfila cada Jueves Santo.<\/p>\n\n\n\n<p>En 2008 se estrenan andas para el V\u00eda Crucis. Son confeccionadas por Rafael Redondo con telas realizadas por Enrique Ruip\u00e9rez. Los faroles que las rematan fueron adquiridos en un taller toledano. Se informa tambi\u00e9n de la adquisici\u00f3n de unos cordones nuevos para el titular que tan s\u00f3lo portar\u00e1 en la procesi\u00f3n de Paz y Caridad.<\/p>\n\n\n\n<p>En 2009 se presenta un DVD oficial de la Hermandad, realizado por Grupo Desenfoque y que lleva por t\u00edtulo \u00ab&#8230;Y mand\u00f3 azotarle\u00bb. En \u00e9l se describe el trabajo que se realiza en la Hermandad a lo largo de todo un a\u00f1o. Fue presentado en el sal\u00f3n de actos de CCM el 25 de Marzo y esa misma tarde se puso a la venta.<\/p>\n\n\n\n<p>En el a\u00f1o 2010, se aprueba apadrinar otra ni\u00f1a en Hait\u00ed, debido al terremoto de gran magnitud ocurrido en esas fechas en aquel pa\u00eds. As\u00ed mismo, se informa del cambio de imagen sufrido por la p\u00e1gina web oficial que sirve para adaptarla a los nuevos tiempos tecnol\u00f3gicos.<\/p>\n\n\n\n<figure class=\"wp-block-gallery has-nested-images columns-default is-cropped wp-block-gallery-3 is-layout-flex wp-block-gallery-is-layout-flex\">\n<figure class=\"wp-block-image size-large\"><img loading=\"lazy\" decoding=\"async\" width=\"824\" height=\"549\" data-id=\"114\" src=\"http:\/\/www.jesusamarrado.com\/wp-content\/uploads\/2024\/02\/amarrao6-1.jpg\" alt=\"\" class=\"wp-image-114\" srcset=\"http:\/\/www.jesusamarrado.com\/wp-content\/uploads\/2024\/02\/amarrao6-1.jpg 824w, http:\/\/www.jesusamarrado.com\/wp-content\/uploads\/2024\/02\/amarrao6-1-300x200.jpg 300w, http:\/\/www.jesusamarrado.com\/wp-content\/uploads\/2024\/02\/amarrao6-1-768x512.jpg 768w\" sizes=\"auto, (max-width: 824px) 100vw, 824px\" \/><\/figure>\n\n\n\n<figure class=\"wp-block-image size-large\"><img loading=\"lazy\" decoding=\"async\" width=\"824\" height=\"549\" data-id=\"115\" src=\"http:\/\/www.jesusamarrado.com\/wp-content\/uploads\/2024\/02\/amarrao7.jpg\" alt=\"\" class=\"wp-image-115\" srcset=\"http:\/\/www.jesusamarrado.com\/wp-content\/uploads\/2024\/02\/amarrao7.jpg 824w, http:\/\/www.jesusamarrado.com\/wp-content\/uploads\/2024\/02\/amarrao7-300x200.jpg 300w, http:\/\/www.jesusamarrado.com\/wp-content\/uploads\/2024\/02\/amarrao7-768x512.jpg 768w\" sizes=\"auto, (max-width: 824px) 100vw, 824px\" \/><\/figure>\n\n\n\n<figure class=\"wp-block-image size-large\"><img loading=\"lazy\" decoding=\"async\" width=\"1024\" height=\"483\" data-id=\"116\" src=\"http:\/\/www.jesusamarrado.com\/wp-content\/uploads\/2024\/02\/antiguaweb-1024x483.png\" alt=\"\" class=\"wp-image-116\" srcset=\"http:\/\/www.jesusamarrado.com\/wp-content\/uploads\/2024\/02\/antiguaweb-1024x483.png 1024w, http:\/\/www.jesusamarrado.com\/wp-content\/uploads\/2024\/02\/antiguaweb-300x142.png 300w, http:\/\/www.jesusamarrado.com\/wp-content\/uploads\/2024\/02\/antiguaweb-768x362.png 768w, http:\/\/www.jesusamarrado.com\/wp-content\/uploads\/2024\/02\/antiguaweb.png 1327w\" sizes=\"auto, (max-width: 1024px) 100vw, 1024px\" \/><\/figure>\n<\/figure>\n\n\n\n<p>El a\u00f1o 2013 es realmente especial para la Hermandad por la participaci\u00f3n de la misma en el V\u00eda Crucis que, con motivo del a\u00f1o de la Fe, se organiza por parte del Obispado. Lo hace acompa\u00f1ando a otras 14 tallas venidas de varios puntos de la provincia en un acto realmente extraordinario que comenz\u00f3 en la Catedral y que finalizaba en el Parque de San Juli\u00e1n. Nuestra talla fue la \u00fanica de nuestra Semana Santa presente en este V\u00eda Crucis. A ra\u00edz de dicha participaci\u00f3n, vuelve a cambiar el nombre de la Hermandad al ser concedido por el Sr. Obispo el t\u00edtulo de Ilustre, llam\u00e1ndose desde Julio de ese a\u00f1o Ilustre y Venerable Hermandad de Nuestro Padre Jes\u00fas Amarrado a la Columna. Se da la circunstancia curiosa de que 2013 es el \u00fanico a\u00f1o en la historia de la Hermandad en el que nuestro Titular ha desfilado en 3 ocasiones: V\u00eda Crucis de primer viernes de Cuaresma, V\u00eda Crucis del A\u00f1o de la Fe y Jueves Santo.<br><br>Ese mismo a\u00f1o 2013 los hermanos aprueban nuevos Estatutos que ser\u00e1n oficialmente ratificados por el Sr. Obispo en Enero de 2014. Se trata de un texto que \u00abmoderniza\u00bb algunos aspectos de la Hermandad, como por ejemplo, permitiendo a las mujeres acceder a un puesto bajo el banzo, eliminando la Junta General de Septiembre, que pasa a realizarse ahora tras Semana Santa y trasladando la subasta de banzos a esa Junta en lugar de hacerla en Marzo, antes de Semana Santa, como era costumbre.<br><br>En el a\u00f1o 2015, la Hermandad celebra el 75\u00ba Aniversario de su imagen titular con una serie de actos conmemorativos. Destacan la ofrenda floral a Luis Marco P\u00e9rez en el Cementerio de San Isidro, donde se descubre y bendice, junto a su tumba, una placa realizada por Tom\u00e1s Bux. Tambi\u00e9n destacable un concierto de Marchas Procesionales a cargo de la Banda de M\u00fasica de Taranc\u00f3n, en el que tuvo lugar el estreno de \u00abAzotes de Pasi\u00f3n\u00bb, marcha procesional compuesta por el director de la Banda de M\u00fasica de Iniesta, Alberto Nevado. Se cerraron los actos con una Misa de Acci\u00f3n de Gracias y un Solemne Besapi\u00e9 Extraordinario en la Catedral, lo que supuso algo irrepetible para la Hermandad.<br><br>La \u00faltima novedad que nos deja 2015 es la participaci\u00f3n, por primera vez, en la Ruta de Belenes que organiza la Junta de Cofrad\u00edas, con un bel\u00e9n expuesto en la Sede de la Hermandad.<br><br><strong>Fuente: Blog Jes\u00fas Amarrado a la Columna<\/strong><\/p>\n","protected":false},"excerpt":{"rendered":"<p>La Ilustre y Venerable Hermandad de Nuestro Padre Jes\u00fas Amarrado a la Columna se funda en el a\u00f1o 1852 en la Parroquia de Santo Domingo de Silos, que exist\u00eda en nuestra ciudad, incorpor\u00e1ndose a la Archicofrad\u00eda de Paz y Caridad un a\u00f1o despu\u00e9s, el 25 de febrero de 1.853. Desde su fundaci\u00f3n, ha desfilado en [&hellip;]<\/p>\n","protected":false},"author":1,"featured_media":0,"parent":0,"menu_order":0,"comment_status":"closed","ping_status":"closed","template":"","meta":{"_eb_attr":"","footnotes":""},"class_list":["post-112","page","type-page","status-publish","hentry"],"_links":{"self":[{"href":"http:\/\/www.jesusamarrado.com\/index.php?rest_route=\/wp\/v2\/pages\/112","targetHints":{"allow":["GET"]}}],"collection":[{"href":"http:\/\/www.jesusamarrado.com\/index.php?rest_route=\/wp\/v2\/pages"}],"about":[{"href":"http:\/\/www.jesusamarrado.com\/index.php?rest_route=\/wp\/v2\/types\/page"}],"author":[{"embeddable":true,"href":"http:\/\/www.jesusamarrado.com\/index.php?rest_route=\/wp\/v2\/users\/1"}],"replies":[{"embeddable":true,"href":"http:\/\/www.jesusamarrado.com\/index.php?rest_route=%2Fwp%2Fv2%2Fcomments&post=112"}],"version-history":[{"count":3,"href":"http:\/\/www.jesusamarrado.com\/index.php?rest_route=\/wp\/v2\/pages\/112\/revisions"}],"predecessor-version":[{"id":193,"href":"http:\/\/www.jesusamarrado.com\/index.php?rest_route=\/wp\/v2\/pages\/112\/revisions\/193"}],"wp:attachment":[{"href":"http:\/\/www.jesusamarrado.com\/index.php?rest_route=%2Fwp%2Fv2%2Fmedia&parent=112"}],"curies":[{"name":"wp","href":"https:\/\/api.w.org\/{rel}","templated":true}]}}